{"version":"1.0","provider_name":"L&#039;\u00eele aux \u00e9pices","provider_url":"https:\/\/ileauxepices.com\/blog","title":"Le safran : dangers et contre-indications \u00e0 connaitre -","type":"rich","width":600,"height":338,"html":"<blockquote class=\"wp-embedded-content\" data-secret=\"p53VCEtk8p\"><a href=\"https:\/\/ileauxepices.com\/blog\/2022\/09\/23\/safran-dangers-contre-indications\/wpid37289\/\">Le safran : dangers et contre-indications \u00e0 connaitre<\/a><\/blockquote><iframe sandbox=\"allow-scripts\" security=\"restricted\" src=\"https:\/\/ileauxepices.com\/blog\/2022\/09\/23\/safran-dangers-contre-indications\/wpid37289\/embed\/#?secret=p53VCEtk8p\" width=\"600\" height=\"338\" title=\"\u00ab\u00a0Le safran : dangers et contre-indications \u00e0 connaitre\u00a0\u00bb &#8212; L&#039;\u00eele aux \u00e9pices\" data-secret=\"p53VCEtk8p\" frameborder=\"0\" marginwidth=\"0\" marginheight=\"0\" scrolling=\"no\" class=\"wp-embedded-content\"><\/iframe><script type=\"text\/javascript\">\n\/* <![CDATA[ *\/\n\/*! This file is auto-generated *\/\n!function(d,l){\"use strict\";l.querySelector&&d.addEventListener&&\"undefined\"!=typeof URL&&(d.wp=d.wp||{},d.wp.receiveEmbedMessage||(d.wp.receiveEmbedMessage=function(e){var t=e.data;if((t||t.secret||t.message||t.value)&&!\/[^a-zA-Z0-9]\/.test(t.secret)){for(var s,r,n,a=l.querySelectorAll('iframe[data-secret=\"'+t.secret+'\"]'),o=l.querySelectorAll('blockquote[data-secret=\"'+t.secret+'\"]'),c=new RegExp(\"^https?:$\",\"i\"),i=0;i<o.length;i++)o[i].style.display=\"none\";for(i=0;i<a.length;i++)s=a[i],e.source===s.contentWindow&&(s.removeAttribute(\"style\"),\"height\"===t.message?(1e3<(r=parseInt(t.value,10))?r=1e3:~~r<200&&(r=200),s.height=r):\"link\"===t.message&&(r=new URL(s.getAttribute(\"src\")),n=new URL(t.value),c.test(n.protocol))&&n.host===r.host&&l.activeElement===s&&(d.top.location.href=t.value))}},d.addEventListener(\"message\",d.wp.receiveEmbedMessage,!1),l.addEventListener(\"DOMContentLoaded\",function(){for(var e,t,s=l.querySelectorAll(\"iframe.wp-embedded-content\"),r=0;r<s.length;r++)(t=(e=s[r]).getAttribute(\"data-secret\"))||(t=Math.random().toString(36).substring(2,12),e.src+=\"#?secret=\"+t,e.setAttribute(\"data-secret\",t)),e.contentWindow.postMessage({message:\"ready\",secret:t},\"*\")},!1)))}(window,document);\n\/\/# sourceURL=https:\/\/ileauxepices.com\/blog\/wp-includes\/js\/wp-embed.min.js\n\/* ]]> *\/\n<\/script>\n","thumbnail_url":"https:\/\/ileauxepices.com\/blog\/wp-content\/uploads\/2022\/09\/Contre-indication-safran-1.jpg","thumbnail_width":450,"thumbnail_height":300,"description":"Les contre-indications du safran Issu des stigmates orang\u00e9s du crocus sativus, le safran est utilis\u00e9 en cuisine mais aussi en phytoth\u00e9rapie pour ses nombreux bienfaits pour la sant\u00e9. Cependant, dans certains cas, il peut occasionner certains effets nocifs ind\u00e9sirables, g\u00e9n\u00e9ralement sans grandes cons\u00e9quences, mais le mieux est de connaitre quels sont ces effets n\u00e9fastes et &hellip; Continuer la lecture de &laquo;&nbsp;&nbsp;&raquo;"}